{"id":402,"date":"2020-08-03T10:00:02","date_gmt":"2020-08-03T08:00:02","guid":{"rendered":"https:\/\/hgv-unterliederbach.de\/?page_id=402"},"modified":"2020-08-22T10:02:17","modified_gmt":"2020-08-22T08:02:17","slug":"jahrhunderthalle","status":"publish","type":"page","link":"https:\/\/hgv-unterliederbach.de\/?page_id=402","title":{"rendered":"Jahrhunderthalle"},"content":{"rendered":"\t\t<div data-elementor-type=\"wp-page\" data-elementor-id=\"402\" class=\"elementor elementor-402\">\n\t\t\t\t\t\t<section class=\"elementor-section elementor-top-section elementor-element elementor-element-c1242f6 elementor-section-boxed elementor-section-height-default elementor-section-height-default\" data-id=\"c1242f6\" data-element_type=\"section\" data-e-type=\"section\">\n\t\t\t\t\t\t<div class=\"elementor-container elementor-column-gap-default\">\n\t\t\t\t\t<div class=\"elementor-column elementor-col-100 elementor-top-column elementor-element elementor-element-f9d04ff\" data-id=\"f9d04ff\" data-element_type=\"column\" data-e-type=\"column\">\n\t\t\t<div class=\"elementor-widget-wrap elementor-element-populated\">\n\t\t\t\t\t\t<div class=\"elementor-element elementor-element-a572834 elementor-widget elementor-widget-heading\" data-id=\"a572834\" data-element_type=\"widget\" data-e-type=\"widget\" data-widget_type=\"heading.default\">\n\t\t\t\t<div class=\"elementor-widget-container\">\n\t\t\t\t\t<h1 class=\"elementor-heading-title elementor-size-default\">Jahrhunderthalle<\/h1>\t\t\t\t<\/div>\n\t\t\t\t<\/div>\n\t\t\t\t\t<\/div>\n\t\t<\/div>\n\t\t\t\t\t<\/div>\n\t\t<\/section>\n\t\t\t\t<section class=\"elementor-section elementor-top-section elementor-element elementor-element-dda0774 elementor-section-boxed elementor-section-height-default elementor-section-height-default\" data-id=\"dda0774\" data-element_type=\"section\" data-e-type=\"section\">\n\t\t\t\t\t\t<div class=\"elementor-container elementor-column-gap-default\">\n\t\t\t\t\t<div class=\"elementor-column elementor-col-50 elementor-top-column elementor-element elementor-element-9272a3e\" data-id=\"9272a3e\" data-element_type=\"column\" data-e-type=\"column\">\n\t\t\t<div class=\"elementor-widget-wrap elementor-element-populated\">\n\t\t\t\t\t\t<div class=\"elementor-element elementor-element-ac0f8e5 elementor-absolute elementor-widget elementor-widget-image\" data-id=\"ac0f8e5\" data-element_type=\"widget\" data-e-type=\"widget\" data-settings=\"{&quot;_position&quot;:&quot;absolute&quot;}\" data-widget_type=\"image.default\">\n\t\t\t\t<div class=\"elementor-widget-container\">\n\t\t\t\t\t\t\t\t\t\t\t\t\t\t\t<img fetchpriority=\"high\" decoding=\"async\" width=\"486\" height=\"322\" src=\"https:\/\/hgv-unterliederbach.de\/wp-content\/uploads\/2020\/08\/p034_4_00_01.jpg\" class=\"attachment-full size-full wp-image-405\" alt=\"\" srcset=\"https:\/\/hgv-unterliederbach.de\/wp-content\/uploads\/2020\/08\/p034_4_00_01.jpg 486w, https:\/\/hgv-unterliederbach.de\/wp-content\/uploads\/2020\/08\/p034_4_00_01-300x199.jpg 300w\" sizes=\"(max-width: 486px) 100vw, 486px\" \/>\t\t\t\t\t\t\t\t\t\t\t\t\t\t\t<\/div>\n\t\t\t\t<\/div>\n\t\t\t\t\t<\/div>\n\t\t<\/div>\n\t\t\t\t<div class=\"elementor-column elementor-col-50 elementor-top-column elementor-element elementor-element-46c88e4\" data-id=\"46c88e4\" data-element_type=\"column\" data-e-type=\"column\">\n\t\t\t<div class=\"elementor-widget-wrap elementor-element-populated\">\n\t\t\t\t\t\t<div class=\"elementor-element elementor-element-c74b7d9 elementor-widget elementor-widget-text-editor\" data-id=\"c74b7d9\" data-element_type=\"widget\" data-e-type=\"widget\" data-widget_type=\"text-editor.default\">\n\t\t\t\t<div class=\"elementor-widget-container\">\n\t\t\t\t\t\t\t\t\t<p>Zum hundertj\u00e4hrigen Gr\u00fcndungsjubil\u00e4um der Farbwerke H\u00f6chst AG plante die Firmenleitung f\u00fcr ihre Mitarbeiter eine Mehrzweckhalle, das sogenannte Feierabendhaus. Das Baugrundst\u00fcck in unmittelbarer N\u00e4he zum Firmengel\u00e4nde wurde in Verbindung mit einem Wohngebiet einschlie\u00dflich Infrastruktur mit der Halle im Zentrum zu einem Sport- und Erholungsgebiet f\u00fcr die Mitarbeiter entwickelt.<\/p>\n<p>Das Feierabendhaus wurde am 11. Januar 1963 eingeweiht. Vorangegangen ist im Mai 1960 ein Architektenwettbewerb, an dem aufgrund der kurzen Planungs- und Ausf\u00fchrungszeit nur vier Architektengruppen teilnahmen.<\/p>\n<p>Aufgrund der Wirtschaftlichkeit, einer rationellen Konstruktion und einer attestierten raschen Bauausf\u00fchrung wurde schlie\u00dflich durch den Bauherrn, der Farbwerke H\u00f6chst AG, die Architektengruppe um Friedrich Wilhelm Kraemer, obwohl Sie den Wettbewerb nicht gewann, mit der Umsetzung des Entwurfes beauftragt. Noch im Herbst 1960 begannen die Bauarbeiten, obwohl zu diesem Zeitpunkt die Planungsarbeiten noch nicht abgeschlossen waren. Durch eine organisatorische Meisterleistung wurde das Feierabendhaus rechtzeitig fertiggestellt. Mit der Zeit wurde das Feierabendhaus nur noch Jahrhunderthalle H\u00f6chst genannt.<\/p>\t\t\t\t\t\t\t\t<\/div>\n\t\t\t\t<\/div>\n\t\t\t\t\t<\/div>\n\t\t<\/div>\n\t\t\t\t\t<\/div>\n\t\t<\/section>\n\t\t\t\t<section class=\"elementor-section elementor-top-section elementor-element elementor-element-b5e8ac8 elementor-section-boxed elementor-section-height-default elementor-section-height-default\" data-id=\"b5e8ac8\" data-element_type=\"section\" data-e-type=\"section\">\n\t\t\t\t\t\t<div class=\"elementor-container elementor-column-gap-default\">\n\t\t\t\t\t<div class=\"elementor-column elementor-col-100 elementor-top-column elementor-element elementor-element-ea57fb6\" data-id=\"ea57fb6\" data-element_type=\"column\" data-e-type=\"column\">\n\t\t\t<div class=\"elementor-widget-wrap elementor-element-populated\">\n\t\t\t\t\t\t<div class=\"elementor-element elementor-element-f0f7925 elementor-widget elementor-widget-text-editor\" data-id=\"f0f7925\" data-element_type=\"widget\" data-e-type=\"widget\" data-widget_type=\"text-editor.default\">\n\t\t\t\t<div class=\"elementor-widget-container\">\n\t\t\t\t\t\t\t\t\t<p><span class=\"ff2 fc0 fs10 \">Im Zuge des gravierenden Konzernumbaus der H\u00f6chst AG, der auch die Kulturaktivit\u00e4ten erfasst, wird die Halle aufgegeben.<br \/>Mit Wirkung zum 1. November 1999 \u00fcbernimmt die Deutsche Entertainment AG (DEAG) zum symbolischen Preis von 1 Mark gem\u00e4\u00df Vertrag mit der Areatis Immobilien Management GmbH, einer Tochtergesellschaft der H\u00f6chst AG, die Jahrhunderthalle H\u00f6chst, die nun \u00a9Jahrhunderthalle Frankfurt hei\u00dft. <\/span><\/p>\t\t\t\t\t\t\t\t<\/div>\n\t\t\t\t<\/div>\n\t\t\t\t\t<\/div>\n\t\t<\/div>\n\t\t\t\t\t<\/div>\n\t\t<\/section>\n\t\t\t\t<section class=\"elementor-section elementor-top-section elementor-element elementor-element-4eec8e3 elementor-section-boxed elementor-section-height-default elementor-section-height-default\" data-id=\"4eec8e3\" data-element_type=\"section\" data-e-type=\"section\">\n\t\t\t\t\t\t<div class=\"elementor-container elementor-column-gap-default\">\n\t\t\t\t\t<div class=\"elementor-column elementor-col-50 elementor-top-column elementor-element elementor-element-5379b88\" data-id=\"5379b88\" data-element_type=\"column\" data-e-type=\"column\">\n\t\t\t<div class=\"elementor-widget-wrap elementor-element-populated\">\n\t\t\t\t\t\t<div class=\"elementor-element elementor-element-ea843ab elementor-widget elementor-widget-text-editor\" data-id=\"ea843ab\" data-element_type=\"widget\" data-e-type=\"widget\" data-widget_type=\"text-editor.default\">\n\t\t\t\t<div class=\"elementor-widget-container\">\n\t\t\t\t\t\t\t\t\t<p><span class=\"ff2 fc2 fs10 \">In der Jahrhunderthalle finden bis heute Konzerte, Theater, Variet\u00e9, sowie weitere Veranstaltungen bis hin zu Betriebsversammlungen statt.<\/span><span class=\"ff2 fc0 fs10 \"> <br \/>Der gro\u00dfe Saal mit seiner charakteristischen Kuppel bietet bei Standardbestuhlung Platz f\u00fcr 2.021 Sitzpl\u00e4tze und bei Umbau bis zu 3.901 Steh- und 899 Sitzpl\u00e4tze. Sonderpl\u00e4ne gibt es auf Anfrage.<br \/>Die B\u00fchne ist 22 m breit, 20 m tief und hat eine angelegte H\u00f6he von 1,20 m. <br \/>Sie ist von allen Pl\u00e4tzen gut einsehbar.<\/span><\/p>\t\t\t\t\t\t\t\t<\/div>\n\t\t\t\t<\/div>\n\t\t\t\t\t<\/div>\n\t\t<\/div>\n\t\t\t\t<div class=\"elementor-column elementor-col-50 elementor-top-column elementor-element elementor-element-0bb3b00\" data-id=\"0bb3b00\" data-element_type=\"column\" data-e-type=\"column\">\n\t\t\t<div class=\"elementor-widget-wrap elementor-element-populated\">\n\t\t\t\t\t\t<div class=\"elementor-element elementor-element-7b9563c elementor-widget elementor-widget-image\" data-id=\"7b9563c\" data-element_type=\"widget\" data-e-type=\"widget\" data-widget_type=\"image.default\">\n\t\t\t\t<div class=\"elementor-widget-container\">\n\t\t\t\t\t\t\t\t\t\t\t\t<figure class=\"wp-caption\">\n\t\t\t\t\t\t\t\t\t\t<img decoding=\"async\" width=\"342\" height=\"116\" src=\"https:\/\/hgv-unterliederbach.de\/wp-content\/uploads\/2020\/08\/p034_4_00_61.jpg\" class=\"attachment-large size-large wp-image-973\" alt=\"\" srcset=\"https:\/\/hgv-unterliederbach.de\/wp-content\/uploads\/2020\/08\/p034_4_00_61.jpg 342w, https:\/\/hgv-unterliederbach.de\/wp-content\/uploads\/2020\/08\/p034_4_00_61-300x102.jpg 300w\" sizes=\"(max-width: 342px) 100vw, 342px\" \/>\t\t\t\t\t\t\t\t\t\t\t<figcaption class=\"widget-image-caption wp-caption-text\">Ost - West Schnitt durch die Jahrhunderthalle<\/figcaption>\n\t\t\t\t\t\t\t\t\t\t<\/figure>\n\t\t\t\t\t\t\t\t\t<\/div>\n\t\t\t\t<\/div>\n\t\t\t\t\t<\/div>\n\t\t<\/div>\n\t\t\t\t\t<\/div>\n\t\t<\/section>\n\t\t\t\t<section class=\"elementor-section elementor-top-section elementor-element elementor-element-91aa178 elementor-section-boxed elementor-section-height-default elementor-section-height-default\" data-id=\"91aa178\" data-element_type=\"section\" data-e-type=\"section\">\n\t\t\t\t\t\t<div class=\"elementor-container elementor-column-gap-default\">\n\t\t\t\t\t<div class=\"elementor-column elementor-col-50 elementor-top-column elementor-element elementor-element-d9819d1\" data-id=\"d9819d1\" data-element_type=\"column\" data-e-type=\"column\">\n\t\t\t<div class=\"elementor-widget-wrap elementor-element-populated\">\n\t\t\t\t\t\t<div class=\"elementor-element elementor-element-2cc9b82 elementor-widget elementor-widget-image-gallery\" data-id=\"2cc9b82\" data-element_type=\"widget\" data-e-type=\"widget\" data-widget_type=\"image-gallery.default\">\n\t\t\t\t<div class=\"elementor-widget-container\">\n\t\t\t\t\t\t\t<div class=\"elementor-image-gallery\">\n\t\t\t\n\t\t<style type=\"text\/css\">\n\t\t\t#gallery-1 {\n\t\t\t\tmargin: auto;\n\t\t\t}\n\t\t\t#gallery-1 .gallery-item {\n\t\t\t\tfloat: left;\n\t\t\t\tmargin-top: 10px;\n\t\t\t\ttext-align: center;\n\t\t\t\twidth: 33%;\n\t\t\t}\n\t\t\t#gallery-1 img {\n\t\t\t\tborder: 2px solid #cfcfcf;\n\t\t\t}\n\t\t\t#gallery-1 .gallery-caption {\n\t\t\t\tmargin-left: 0;\n\t\t\t}\n\t\t\t\/* see gallery_shortcode() in wp-includes\/media.php *\/\n\t\t<\/style>\n\t\t<div id='gallery-1' class='gallery galleryid-402 gallery-columns-3 gallery-size-thumbnail'><dl class='gallery-item'>\n\t\t\t<dt class='gallery-icon landscape'>\n\t\t\t\t<a data-elementor-open-lightbox=\"yes\" data-elementor-lightbox-slideshow=\"2cc9b82\" data-elementor-lightbox-title=\"bs222-05\" data-e-action-hash=\"#elementor-action%3Aaction%3Dlightbox%26settings%3DeyJpZCI6OTgwLCJ1cmwiOiJodHRwczpcL1wvaGd2LXVudGVybGllZGVyYmFjaC5kZVwvd3AtY29udGVudFwvdXBsb2Fkc1wvMjAyMFwvMDhcL2JzMjIyLTA1LmpwZyIsInNsaWRlc2hvdyI6IjJjYzliODIifQ%3D%3D\" href='https:\/\/hgv-unterliederbach.de\/wp-content\/uploads\/2020\/08\/bs222-05.jpg'><img decoding=\"async\" width=\"150\" height=\"150\" src=\"https:\/\/hgv-unterliederbach.de\/wp-content\/uploads\/2020\/08\/bs222-05-150x150.jpg\" class=\"attachment-thumbnail size-thumbnail\" alt=\"\" srcset=\"https:\/\/hgv-unterliederbach.de\/wp-content\/uploads\/2020\/08\/bs222-05-150x150.jpg 150w, https:\/\/hgv-unterliederbach.de\/wp-content\/uploads\/2020\/08\/bs222-05-300x300.jpg 300w\" sizes=\"(max-width: 150px) 100vw, 150px\" \/><\/a>\n\t\t\t<\/dt><\/dl><dl class='gallery-item'>\n\t\t\t<dt class='gallery-icon portrait'>\n\t\t\t\t<a data-elementor-open-lightbox=\"yes\" data-elementor-lightbox-slideshow=\"2cc9b82\" data-elementor-lightbox-title=\"bs222-06\" data-e-action-hash=\"#elementor-action%3Aaction%3Dlightbox%26settings%3DeyJpZCI6OTgxLCJ1cmwiOiJodHRwczpcL1wvaGd2LXVudGVybGllZGVyYmFjaC5kZVwvd3AtY29udGVudFwvdXBsb2Fkc1wvMjAyMFwvMDhcL2JzMjIyLTA2LmpwZyIsInNsaWRlc2hvdyI6IjJjYzliODIifQ%3D%3D\" href='https:\/\/hgv-unterliederbach.de\/wp-content\/uploads\/2020\/08\/bs222-06.jpg'><img loading=\"lazy\" decoding=\"async\" width=\"150\" height=\"150\" src=\"https:\/\/hgv-unterliederbach.de\/wp-content\/uploads\/2020\/08\/bs222-06-150x150.jpg\" class=\"attachment-thumbnail size-thumbnail\" alt=\"\" srcset=\"https:\/\/hgv-unterliederbach.de\/wp-content\/uploads\/2020\/08\/bs222-06-150x150.jpg 150w, https:\/\/hgv-unterliederbach.de\/wp-content\/uploads\/2020\/08\/bs222-06-300x300.jpg 300w\" sizes=\"(max-width: 150px) 100vw, 150px\" \/><\/a>\n\t\t\t<\/dt><\/dl><dl class='gallery-item'>\n\t\t\t<dt class='gallery-icon landscape'>\n\t\t\t\t<a data-elementor-open-lightbox=\"yes\" data-elementor-lightbox-slideshow=\"2cc9b82\" data-elementor-lightbox-title=\"bs222-09\" data-e-action-hash=\"#elementor-action%3Aaction%3Dlightbox%26settings%3DeyJpZCI6OTgyLCJ1cmwiOiJodHRwczpcL1wvaGd2LXVudGVybGllZGVyYmFjaC5kZVwvd3AtY29udGVudFwvdXBsb2Fkc1wvMjAyMFwvMDhcL2JzMjIyLTA5LmpwZyIsInNsaWRlc2hvdyI6IjJjYzliODIifQ%3D%3D\" href='https:\/\/hgv-unterliederbach.de\/wp-content\/uploads\/2020\/08\/bs222-09.jpg'><img loading=\"lazy\" decoding=\"async\" width=\"150\" height=\"150\" src=\"https:\/\/hgv-unterliederbach.de\/wp-content\/uploads\/2020\/08\/bs222-09-150x150.jpg\" class=\"attachment-thumbnail size-thumbnail\" alt=\"\" srcset=\"https:\/\/hgv-unterliederbach.de\/wp-content\/uploads\/2020\/08\/bs222-09-150x150.jpg 150w, https:\/\/hgv-unterliederbach.de\/wp-content\/uploads\/2020\/08\/bs222-09-300x300.jpg 300w\" sizes=\"(max-width: 150px) 100vw, 150px\" \/><\/a>\n\t\t\t<\/dt><\/dl><br style=\"clear: both\" \/>\n\t\t<\/div>\n\t\t<\/div>\n\t\t\t\t\t\t<\/div>\n\t\t\t\t<\/div>\n\t\t\t\t\t<\/div>\n\t\t<\/div>\n\t\t\t\t<div class=\"elementor-column elementor-col-50 elementor-top-column elementor-element elementor-element-0c72737\" data-id=\"0c72737\" data-element_type=\"column\" data-e-type=\"column\">\n\t\t\t<div class=\"elementor-widget-wrap elementor-element-populated\">\n\t\t\t\t\t\t<div class=\"elementor-element elementor-element-1611fd9 elementor-widget elementor-widget-text-editor\" data-id=\"1611fd9\" data-element_type=\"widget\" data-e-type=\"widget\" data-widget_type=\"text-editor.default\">\n\t\t\t\t<div class=\"elementor-widget-container\">\n\t\t\t\t\t\t\t\t\t<p><span class=\"ff2 fc0 fs10 \">Die Jahrhunderthalle besteht aus zwei Bauk\u00f6rpern. Das Sockelgeschoss hat eine Grundfl\u00e4che von 13.056qm\u00b2, die darauf gesetzte Kuppelschale besitzt einen Durchmesser von 86 m, eine Scheitelh\u00f6he von 25 m und ruht auf sechs punktf\u00f6rmigen Auflagern<\/span><\/p>\t\t\t\t\t\t\t\t<\/div>\n\t\t\t\t<\/div>\n\t\t\t\t\t<\/div>\n\t\t<\/div>\n\t\t\t\t\t<\/div>\n\t\t<\/section>\n\t\t\t\t<section class=\"elementor-section elementor-top-section elementor-element elementor-element-2de3b81 elementor-section-boxed elementor-section-height-default elementor-section-height-default\" data-id=\"2de3b81\" data-element_type=\"section\" data-e-type=\"section\">\n\t\t\t\t\t\t<div class=\"elementor-container elementor-column-gap-default\">\n\t\t\t\t\t<div class=\"elementor-column elementor-col-33 elementor-top-column elementor-element elementor-element-e7195a1\" data-id=\"e7195a1\" data-element_type=\"column\" data-e-type=\"column\">\n\t\t\t<div class=\"elementor-widget-wrap elementor-element-populated\">\n\t\t\t\t\t\t<div class=\"elementor-element elementor-element-be2e28d elementor-widget elementor-widget-text-editor\" data-id=\"be2e28d\" data-element_type=\"widget\" data-e-type=\"widget\" data-widget_type=\"text-editor.default\">\n\t\t\t\t<div class=\"elementor-widget-container\">\n\t\t\t\t\t\t\t\t\t<p class=\"imAlign_left\"><span class=\"ff2 fc2 fs10 \"><span style=\"text-decoration: underline;\"><strong>Anschrift:<\/strong><\/span><br \/><\/span><\/p>\n<p class=\"imAlign_left\"><span class=\"ff2 fc2 fs10 \">Kultur- und Kongresszentrum<br \/>Jahrhunderthalle GmbH<br \/>Pfaffenwiese<br \/>65929 Frankfurt am Main<br \/><\/span><span class=\"ff2 fc2 fs8 \"><a class=\"ImLink\" title=\"\"> www.jahrhunderthalle.de<\/a><\/span><span class=\"ff2 fc2 fs10 \"> <br \/><br \/><\/span><span class=\"ff2 fc3 fs8 \">Alle Bilder mit freundlicher Genehmigung der <br \/><\/span><span class=\"ff4 fc3 fs9 \">\u00a9 <\/span><span class=\"ff4 fc3 fs8 \">Jahrhunderthalle Frankfu<\/span><span class=\"ff3 fc3 fs8 \">rt<\/span><\/p>\t\t\t\t\t\t\t\t<\/div>\n\t\t\t\t<\/div>\n\t\t\t\t\t<\/div>\n\t\t<\/div>\n\t\t\t\t<div class=\"elementor-column elementor-col-33 elementor-top-column elementor-element elementor-element-c946db1\" data-id=\"c946db1\" data-element_type=\"column\" data-e-type=\"column\">\n\t\t\t<div class=\"elementor-widget-wrap elementor-element-populated\">\n\t\t\t\t\t\t<div class=\"elementor-element elementor-element-c9e9006 elementor-widget elementor-widget-image\" data-id=\"c9e9006\" data-element_type=\"widget\" data-e-type=\"widget\" data-widget_type=\"image.default\">\n\t\t\t\t<div class=\"elementor-widget-container\">\n\t\t\t\t\t\t\t\t\t\t\t\t\t\t\t<img loading=\"lazy\" decoding=\"async\" width=\"356\" height=\"235\" src=\"https:\/\/hgv-unterliederbach.de\/wp-content\/uploads\/2020\/08\/p034_4_00_221.jpg\" class=\"attachment-large size-large wp-image-978\" alt=\"\" srcset=\"https:\/\/hgv-unterliederbach.de\/wp-content\/uploads\/2020\/08\/p034_4_00_221.jpg 356w, https:\/\/hgv-unterliederbach.de\/wp-content\/uploads\/2020\/08\/p034_4_00_221-300x198.jpg 300w\" sizes=\"(max-width: 356px) 100vw, 356px\" \/>\t\t\t\t\t\t\t\t\t\t\t\t\t\t\t<\/div>\n\t\t\t\t<\/div>\n\t\t\t\t\t<\/div>\n\t\t<\/div>\n\t\t\t\t<div class=\"elementor-column elementor-col-33 elementor-top-column elementor-element elementor-element-f241fa1\" data-id=\"f241fa1\" data-element_type=\"column\" data-e-type=\"column\">\n\t\t\t<div class=\"elementor-widget-wrap elementor-element-populated\">\n\t\t\t\t\t\t<div class=\"elementor-element elementor-element-d8a8b58 elementor-widget elementor-widget-text-editor\" data-id=\"d8a8b58\" data-element_type=\"widget\" data-e-type=\"widget\" data-widget_type=\"text-editor.default\">\n\t\t\t\t<div class=\"elementor-widget-container\">\n\t\t\t\t\t\t\t\t\t<p class=\"imAlign_justify\"><span class=\"ff2 fc0 fs10 \">Im Sockelgeschoss sind alle wesentlichen Funktions- und Nebenr\u00e4ume untergebracht. Auf der Nutzfl\u00e4che findet man Foyer, Garderobe, Vereinsr\u00e4ume, eine Gastst\u00e4tte, Kongress- und Tagungsr\u00e4ume, Umkleiden sowie Magazine und Technikr\u00e4ume. Der Kuppelsaal kann dadurch flexibel gestaltet werden.<\/span><span class=\"ff2 fc0 fs8 \"> <br \/><\/span><\/p>\n<p class=\"imAlign_justify\"><span class=\"ff2 fc0 fs10 \">Vor der Jahrhunderthalle befindet sich ein gro\u00dfer L\u00f6schteich, daran anschlie\u00dfend eine Fl\u00e4che zum verweilen und entspannen. Auf den angrenzenden gro\u00dfen Parkpl\u00e4tzen finden regelm\u00e4\u00dfig Flohm\u00e4rkte statt.<\/span><\/p>\t\t\t\t\t\t\t\t<\/div>\n\t\t\t\t<\/div>\n\t\t\t\t\t<\/div>\n\t\t<\/div>\n\t\t\t\t\t<\/div>\n\t\t<\/section>\n\t\t\t\t<section class=\"elementor-section elementor-top-section elementor-element elementor-element-771441c elementor-section-boxed elementor-section-height-default elementor-section-height-default\" data-id=\"771441c\" data-element_type=\"section\" data-e-type=\"section\">\n\t\t\t\t\t\t<div class=\"elementor-container elementor-column-gap-default\">\n\t\t\t\t\t<div class=\"elementor-column elementor-col-50 elementor-top-column elementor-element elementor-element-c180a2f\" data-id=\"c180a2f\" data-element_type=\"column\" data-e-type=\"column\">\n\t\t\t<div class=\"elementor-widget-wrap elementor-element-populated\">\n\t\t\t\t\t\t<div class=\"elementor-element elementor-element-22767bc elementor-align-right elementor-widget elementor-widget-button\" data-id=\"22767bc\" data-element_type=\"widget\" data-e-type=\"widget\" data-widget_type=\"button.default\">\n\t\t\t\t<div class=\"elementor-widget-container\">\n\t\t\t\t\t\t\t\t\t<div class=\"elementor-button-wrapper\">\n\t\t\t\t\t<a class=\"elementor-button elementor-button-link elementor-size-sm\" href=\"https:\/\/hgv-unterliederbach.de\/?page_id=398\">\n\t\t\t\t\t\t<span class=\"elementor-button-content-wrapper\">\n\t\t\t\t\t\t<span class=\"elementor-button-icon\">\n\t\t\t\t<i aria-hidden=\"true\" class=\"far fa-arrow-alt-circle-left\"><\/i>\t\t\t<\/span>\n\t\t\t\t\t\t\t\t\t<span class=\"elementor-button-text\">Silobad<\/span>\n\t\t\t\t\t<\/span>\n\t\t\t\t\t<\/a>\n\t\t\t\t<\/div>\n\t\t\t\t\t\t\t\t<\/div>\n\t\t\t\t<\/div>\n\t\t\t\t\t<\/div>\n\t\t<\/div>\n\t\t\t\t<div class=\"elementor-column elementor-col-50 elementor-top-column elementor-element elementor-element-62a631f\" data-id=\"62a631f\" data-element_type=\"column\" data-e-type=\"column\">\n\t\t\t<div class=\"elementor-widget-wrap elementor-element-populated\">\n\t\t\t\t\t\t<div class=\"elementor-element elementor-element-1268a8a elementor-widget elementor-widget-button\" data-id=\"1268a8a\" data-element_type=\"widget\" data-e-type=\"widget\" data-widget_type=\"button.default\">\n\t\t\t\t<div class=\"elementor-widget-container\">\n\t\t\t\t\t\t\t\t\t<div class=\"elementor-button-wrapper\">\n\t\t\t\t\t<a class=\"elementor-button elementor-button-link elementor-size-sm\" href=\"https:\/\/hgv-unterliederbach.de\/?page_id=417\">\n\t\t\t\t\t\t<span class=\"elementor-button-content-wrapper\">\n\t\t\t\t\t\t<span class=\"elementor-button-icon\">\n\t\t\t\t<i aria-hidden=\"true\" class=\"far fa-arrow-alt-circle-right\"><\/i>\t\t\t<\/span>\n\t\t\t\t\t\t\t\t\t<span class=\"elementor-button-text\">Alter Friedhof<\/span>\n\t\t\t\t\t<\/span>\n\t\t\t\t\t<\/a>\n\t\t\t\t<\/div>\n\t\t\t\t\t\t\t\t<\/div>\n\t\t\t\t<\/div>\n\t\t\t\t\t<\/div>\n\t\t<\/div>\n\t\t\t\t\t<\/div>\n\t\t<\/section>\n\t\t\t\t<\/div>\n\t\t","protected":false},"excerpt":{"rendered":"<p>Jahrhunderthalle Zum hundertj\u00e4hrigen Gr\u00fcndungsjubil\u00e4um der Farbwerke H\u00f6chst AG plante die Firmenleitung f\u00fcr ihre Mitarbeiter eine Mehrzweckhalle, das sogenannte Feierabendhaus. Das Baugrundst\u00fcck in unmittelbarer N\u00e4he zum Firmengel\u00e4nde wurde in Verbindung mit&hellip;<\/p>\n","protected":false},"author":1,"featured_media":0,"parent":199,"menu_order":0,"comment_status":"closed","ping_status":"closed","template":"elementor_header_footer","meta":{"footnotes":""},"class_list":["post-402","page","type-page","status-publish","hentry"],"_links":{"self":[{"href":"https:\/\/hgv-unterliederbach.de\/index.php?rest_route=\/wp\/v2\/pages\/402","targetHints":{"allow":["GET"]}}],"collection":[{"href":"https:\/\/hgv-unterliederbach.de\/index.php?rest_route=\/wp\/v2\/pages"}],"about":[{"href":"https:\/\/hgv-unterliederbach.de\/index.php?rest_route=\/wp\/v2\/types\/page"}],"author":[{"embeddable":true,"href":"https:\/\/hgv-unterliederbach.de\/index.php?rest_route=\/wp\/v2\/users\/1"}],"replies":[{"embeddable":true,"href":"https:\/\/hgv-unterliederbach.de\/index.php?rest_route=%2Fwp%2Fv2%2Fcomments&post=402"}],"version-history":[{"count":11,"href":"https:\/\/hgv-unterliederbach.de\/index.php?rest_route=\/wp\/v2\/pages\/402\/revisions"}],"predecessor-version":[{"id":1047,"href":"https:\/\/hgv-unterliederbach.de\/index.php?rest_route=\/wp\/v2\/pages\/402\/revisions\/1047"}],"up":[{"embeddable":true,"href":"https:\/\/hgv-unterliederbach.de\/index.php?rest_route=\/wp\/v2\/pages\/199"}],"wp:attachment":[{"href":"https:\/\/hgv-unterliederbach.de\/index.php?rest_route=%2Fwp%2Fv2%2Fmedia&parent=402"}],"curies":[{"name":"wp","href":"https:\/\/api.w.org\/{rel}","templated":true}]}}