{"id":366,"date":"2020-08-02T12:35:38","date_gmt":"2020-08-02T10:35:38","guid":{"rendered":"https:\/\/hgv-unterliederbach.de\/?page_id=366"},"modified":"2020-08-24T20:17:36","modified_gmt":"2020-08-24T18:17:36","slug":"graubner-villa","status":"publish","type":"page","link":"https:\/\/hgv-unterliederbach.de\/?page_id=366","title":{"rendered":"Graubner Villa"},"content":{"rendered":"\t\t<div data-elementor-type=\"wp-page\" data-elementor-id=\"366\" class=\"elementor elementor-366\">\n\t\t\t\t\t\t<section class=\"elementor-section elementor-top-section elementor-element elementor-element-68dc401 elementor-section-boxed elementor-section-height-default elementor-section-height-default\" data-id=\"68dc401\" data-element_type=\"section\" data-e-type=\"section\">\n\t\t\t\t\t\t<div class=\"elementor-container elementor-column-gap-default\">\n\t\t\t\t\t<div class=\"elementor-column elementor-col-100 elementor-top-column elementor-element elementor-element-c7d18ea\" data-id=\"c7d18ea\" data-element_type=\"column\" data-e-type=\"column\">\n\t\t\t<div class=\"elementor-widget-wrap elementor-element-populated\">\n\t\t\t\t\t\t<div class=\"elementor-element elementor-element-5f72d2b elementor-widget elementor-widget-heading\" data-id=\"5f72d2b\" data-element_type=\"widget\" data-e-type=\"widget\" data-widget_type=\"heading.default\">\n\t\t\t\t<div class=\"elementor-widget-container\">\n\t\t\t\t\t<h1 class=\"elementor-heading-title elementor-size-default\">Graubner Villa<\/h1>\t\t\t\t<\/div>\n\t\t\t\t<\/div>\n\t\t\t\t\t<\/div>\n\t\t<\/div>\n\t\t\t\t\t<\/div>\n\t\t<\/section>\n\t\t\t\t<section class=\"elementor-section elementor-top-section elementor-element elementor-element-cadb793 elementor-section-boxed elementor-section-height-default elementor-section-height-default\" data-id=\"cadb793\" data-element_type=\"section\" data-e-type=\"section\">\n\t\t\t\t\t\t<div class=\"elementor-container elementor-column-gap-default\">\n\t\t\t\t\t<div class=\"elementor-column elementor-col-50 elementor-top-column elementor-element elementor-element-762c4d5\" data-id=\"762c4d5\" data-element_type=\"column\" data-e-type=\"column\">\n\t\t\t<div class=\"elementor-widget-wrap elementor-element-populated\">\n\t\t\t\t\t\t<div class=\"elementor-element elementor-element-a09fc8c elementor-widget elementor-widget-image\" data-id=\"a09fc8c\" data-element_type=\"widget\" data-e-type=\"widget\" data-widget_type=\"image.default\">\n\t\t\t\t<div class=\"elementor-widget-container\">\n\t\t\t\t\t\t\t\t\t\t\t\t\t\t\t<img fetchpriority=\"high\" decoding=\"async\" width=\"303\" height=\"227\" src=\"https:\/\/hgv-unterliederbach.de\/wp-content\/uploads\/2020\/08\/p018_1_00.jpg\" class=\"attachment-large size-large wp-image-367\" alt=\"\" srcset=\"https:\/\/hgv-unterliederbach.de\/wp-content\/uploads\/2020\/08\/p018_1_00.jpg 303w, https:\/\/hgv-unterliederbach.de\/wp-content\/uploads\/2020\/08\/p018_1_00-300x225.jpg 300w, https:\/\/hgv-unterliederbach.de\/wp-content\/uploads\/2020\/08\/p018_1_00-120x90.jpg 120w\" sizes=\"(max-width: 303px) 100vw, 303px\" \/>\t\t\t\t\t\t\t\t\t\t\t\t\t\t\t<\/div>\n\t\t\t\t<\/div>\n\t\t\t\t\t<\/div>\n\t\t<\/div>\n\t\t\t\t<div class=\"elementor-column elementor-col-50 elementor-top-column elementor-element elementor-element-4006ecc\" data-id=\"4006ecc\" data-element_type=\"column\" data-e-type=\"column\">\n\t\t\t<div class=\"elementor-widget-wrap elementor-element-populated\">\n\t\t\t\t\t\t<div class=\"elementor-element elementor-element-b2c9f5f elementor-widget elementor-widget-text-editor\" data-id=\"b2c9f5f\" data-element_type=\"widget\" data-e-type=\"widget\" data-widget_type=\"text-editor.default\">\n\t\t\t\t<div class=\"elementor-widget-container\">\n\t\t\t\t\t\t\t\t\t<div>Die Villa wurde 1756 von dem Kommerzienrat Stempler erbaut und geh\u00f6rte ab 1818 dem nassauischen Regierungspr\u00e4sidenten Karl von Ibell. Im Jahr 1888 \u00fcbernahm Carl Graubner die Villa. <\/div><div>\u00a0<\/div><div>W\u00e4hrend des Ersten Weltkrieges wurde in der Villa ein Lazarett eingerichtet, an die Gefallenen dieses Krieges erinnert heute eine Granits\u00e4ule. Dieses 4\u00a0m hohe Unterliederbacher Gefallenendenkmal steht in dem zu der Villa dazugeh\u00f6rigen Park und wurde 1932 von dem ortsans\u00e4ssigen Bildhauer Johann Rumpf geschaffen.<\/div>\t\t\t\t\t\t\t\t<\/div>\n\t\t\t\t<\/div>\n\t\t\t\t\t<\/div>\n\t\t<\/div>\n\t\t\t\t\t<\/div>\n\t\t<\/section>\n\t\t\t\t<section class=\"elementor-section elementor-top-section elementor-element elementor-element-3e725d7 elementor-section-boxed elementor-section-height-default elementor-section-height-default\" data-id=\"3e725d7\" data-element_type=\"section\" data-e-type=\"section\">\n\t\t\t\t\t\t<div class=\"elementor-container elementor-column-gap-default\">\n\t\t\t\t\t<div class=\"elementor-column elementor-col-100 elementor-top-column elementor-element elementor-element-1fe21a4\" data-id=\"1fe21a4\" data-element_type=\"column\" data-e-type=\"column\">\n\t\t\t<div class=\"elementor-widget-wrap elementor-element-populated\">\n\t\t\t\t\t\t<div class=\"elementor-element elementor-element-d808fe1 elementor-widget elementor-widget-image-gallery\" data-id=\"d808fe1\" data-element_type=\"widget\" data-e-type=\"widget\" data-widget_type=\"image-gallery.default\">\n\t\t\t\t<div class=\"elementor-widget-container\">\n\t\t\t\t\t\t\t<div class=\"elementor-image-gallery\">\n\t\t\t\n\t\t<style type=\"text\/css\">\n\t\t\t#gallery-1 {\n\t\t\t\tmargin: auto;\n\t\t\t}\n\t\t\t#gallery-1 .gallery-item {\n\t\t\t\tfloat: left;\n\t\t\t\tmargin-top: 10px;\n\t\t\t\ttext-align: center;\n\t\t\t\twidth: 25%;\n\t\t\t}\n\t\t\t#gallery-1 img {\n\t\t\t\tborder: 2px solid #cfcfcf;\n\t\t\t}\n\t\t\t#gallery-1 .gallery-caption {\n\t\t\t\tmargin-left: 0;\n\t\t\t}\n\t\t\t\/* see gallery_shortcode() in wp-includes\/media.php *\/\n\t\t<\/style>\n\t\t<div id='gallery-1' class='gallery galleryid-366 gallery-columns-4 gallery-size-thumbnail'><dl class='gallery-item'>\n\t\t\t<dt class='gallery-icon landscape'>\n\t\t\t\t<a data-elementor-open-lightbox=\"yes\" data-elementor-lightbox-slideshow=\"d808fe1\" data-elementor-lightbox-title=\"Villa Graubner 05\" data-e-action-hash=\"#elementor-action%3Aaction%3Dlightbox%26settings%3DeyJpZCI6OTI4LCJ1cmwiOiJodHRwczpcL1wvaGd2LXVudGVybGllZGVyYmFjaC5kZVwvd3AtY29udGVudFwvdXBsb2Fkc1wvMjAyMFwvMDhcL1ZpbGxhLUdyYXVibmVyLTA1LmpwZyIsInNsaWRlc2hvdyI6ImQ4MDhmZTEifQ%3D%3D\" href='https:\/\/hgv-unterliederbach.de\/wp-content\/uploads\/2020\/08\/Villa-Graubner-05.jpg'><img decoding=\"async\" width=\"150\" height=\"150\" src=\"https:\/\/hgv-unterliederbach.de\/wp-content\/uploads\/2020\/08\/Villa-Graubner-05-150x150.jpg\" class=\"attachment-thumbnail size-thumbnail\" alt=\"\" srcset=\"https:\/\/hgv-unterliederbach.de\/wp-content\/uploads\/2020\/08\/Villa-Graubner-05-150x150.jpg 150w, https:\/\/hgv-unterliederbach.de\/wp-content\/uploads\/2020\/08\/Villa-Graubner-05-300x300.jpg 300w\" sizes=\"(max-width: 150px) 100vw, 150px\" \/><\/a>\n\t\t\t<\/dt><\/dl><dl class='gallery-item'>\n\t\t\t<dt class='gallery-icon portrait'>\n\t\t\t\t<a data-elementor-open-lightbox=\"yes\" data-elementor-lightbox-slideshow=\"d808fe1\" data-elementor-lightbox-title=\"Villa Graubner 03\" data-e-action-hash=\"#elementor-action%3Aaction%3Dlightbox%26settings%3DeyJpZCI6OTMxLCJ1cmwiOiJodHRwczpcL1wvaGd2LXVudGVybGllZGVyYmFjaC5kZVwvd3AtY29udGVudFwvdXBsb2Fkc1wvMjAyMFwvMDhcL1ZpbGxhLUdyYXVibmVyLTAzLmpwZyIsInNsaWRlc2hvdyI6ImQ4MDhmZTEifQ%3D%3D\" href='https:\/\/hgv-unterliederbach.de\/wp-content\/uploads\/2020\/08\/Villa-Graubner-03.jpg'><img decoding=\"async\" width=\"150\" height=\"150\" src=\"https:\/\/hgv-unterliederbach.de\/wp-content\/uploads\/2020\/08\/Villa-Graubner-03-150x150.jpg\" class=\"attachment-thumbnail size-thumbnail\" alt=\"\" srcset=\"https:\/\/hgv-unterliederbach.de\/wp-content\/uploads\/2020\/08\/Villa-Graubner-03-150x150.jpg 150w, https:\/\/hgv-unterliederbach.de\/wp-content\/uploads\/2020\/08\/Villa-Graubner-03-300x300.jpg 300w\" sizes=\"(max-width: 150px) 100vw, 150px\" \/><\/a>\n\t\t\t<\/dt><\/dl><dl class='gallery-item'>\n\t\t\t<dt class='gallery-icon landscape'>\n\t\t\t\t<a data-elementor-open-lightbox=\"yes\" data-elementor-lightbox-slideshow=\"d808fe1\" data-elementor-lightbox-title=\"Villa Graubner 04\" data-e-action-hash=\"#elementor-action%3Aaction%3Dlightbox%26settings%3DeyJpZCI6OTMwLCJ1cmwiOiJodHRwczpcL1wvaGd2LXVudGVybGllZGVyYmFjaC5kZVwvd3AtY29udGVudFwvdXBsb2Fkc1wvMjAyMFwvMDhcL1ZpbGxhLUdyYXVibmVyLTA0LmpwZyIsInNsaWRlc2hvdyI6ImQ4MDhmZTEifQ%3D%3D\" href='https:\/\/hgv-unterliederbach.de\/wp-content\/uploads\/2020\/08\/Villa-Graubner-04.jpg'><img loading=\"lazy\" decoding=\"async\" width=\"150\" height=\"150\" src=\"https:\/\/hgv-unterliederbach.de\/wp-content\/uploads\/2020\/08\/Villa-Graubner-04-150x150.jpg\" class=\"attachment-thumbnail size-thumbnail\" alt=\"\" srcset=\"https:\/\/hgv-unterliederbach.de\/wp-content\/uploads\/2020\/08\/Villa-Graubner-04-150x150.jpg 150w, https:\/\/hgv-unterliederbach.de\/wp-content\/uploads\/2020\/08\/Villa-Graubner-04-300x300.jpg 300w\" sizes=\"(max-width: 150px) 100vw, 150px\" \/><\/a>\n\t\t\t<\/dt><\/dl><dl class='gallery-item'>\n\t\t\t<dt class='gallery-icon landscape'>\n\t\t\t\t<a data-elementor-open-lightbox=\"yes\" data-elementor-lightbox-slideshow=\"d808fe1\" data-elementor-lightbox-title=\"Graubner Park 237.2\" data-e-action-hash=\"#elementor-action%3Aaction%3Dlightbox%26settings%3DeyJpZCI6OTI5LCJ1cmwiOiJodHRwczpcL1wvaGd2LXVudGVybGllZGVyYmFjaC5kZVwvd3AtY29udGVudFwvdXBsb2Fkc1wvMjAyMFwvMDhcL0dyYXVibmVyLVBhcmstMjM3LjIuanBnIiwic2xpZGVzaG93IjoiZDgwOGZlMSJ9\" href='https:\/\/hgv-unterliederbach.de\/wp-content\/uploads\/2020\/08\/Graubner-Park-237.2.jpg'><img loading=\"lazy\" decoding=\"async\" width=\"150\" height=\"150\" src=\"https:\/\/hgv-unterliederbach.de\/wp-content\/uploads\/2020\/08\/Graubner-Park-237.2-150x150.jpg\" class=\"attachment-thumbnail size-thumbnail\" alt=\"\" srcset=\"https:\/\/hgv-unterliederbach.de\/wp-content\/uploads\/2020\/08\/Graubner-Park-237.2-150x150.jpg 150w, https:\/\/hgv-unterliederbach.de\/wp-content\/uploads\/2020\/08\/Graubner-Park-237.2-300x300.jpg 300w\" sizes=\"(max-width: 150px) 100vw, 150px\" \/><\/a>\n\t\t\t<\/dt><\/dl><br style=\"clear: both\" \/>\n\t\t<\/div>\n\t\t<\/div>\n\t\t\t\t\t\t<\/div>\n\t\t\t\t<\/div>\n\t\t\t\t\t<\/div>\n\t\t<\/div>\n\t\t\t\t\t<\/div>\n\t\t<\/section>\n\t\t\t\t<section class=\"elementor-section elementor-top-section elementor-element elementor-element-ac365d9 elementor-section-boxed elementor-section-height-default elementor-section-height-default\" data-id=\"ac365d9\" data-element_type=\"section\" data-e-type=\"section\">\n\t\t\t\t\t\t<div class=\"elementor-container elementor-column-gap-default\">\n\t\t\t\t\t<div class=\"elementor-column elementor-col-33 elementor-top-column elementor-element elementor-element-507f93a\" data-id=\"507f93a\" data-element_type=\"column\" data-e-type=\"column\">\n\t\t\t<div class=\"elementor-widget-wrap elementor-element-populated\">\n\t\t\t\t\t\t<div class=\"elementor-element elementor-element-06a0712 elementor-widget elementor-widget-image\" data-id=\"06a0712\" data-element_type=\"widget\" data-e-type=\"widget\" data-widget_type=\"image.default\">\n\t\t\t\t<div class=\"elementor-widget-container\">\n\t\t\t\t\t\t\t\t\t\t\t\t<figure class=\"wp-caption\">\n\t\t\t\t\t\t\t\t\t\t\t<a href=\"https:\/\/hgv-unterliederbach.de\/wp-content\/uploads\/2020\/08\/KoesA_N5_F1_046_Paul_Graubner.jpg\" data-elementor-open-lightbox=\"yes\" data-elementor-lightbox-title=\"Paul Graubner\" data-elementor-lightbox-description=\"Graubner als Conkneipant der Bremensia G\u00f6ttingen, Wintersemester 1912\/13\" data-e-action-hash=\"#elementor-action%3Aaction%3Dlightbox%26settings%3DeyJpZCI6MTQ0NiwidXJsIjoiaHR0cHM6XC9cL2hndi11bnRlcmxpZWRlcmJhY2guZGVcL3dwLWNvbnRlbnRcL3VwbG9hZHNcLzIwMjBcLzA4XC9Lb2VzQV9ONV9GMV8wNDZfUGF1bF9HcmF1Ym5lci5qcGcifQ%3D%3D\">\n\t\t\t\t\t\t\t<img loading=\"lazy\" decoding=\"async\" width=\"184\" height=\"300\" src=\"https:\/\/hgv-unterliederbach.de\/wp-content\/uploads\/2020\/08\/KoesA_N5_F1_046_Paul_Graubner-184x300.jpg\" class=\"attachment-medium size-medium wp-image-1446\" alt=\"\" srcset=\"https:\/\/hgv-unterliederbach.de\/wp-content\/uploads\/2020\/08\/KoesA_N5_F1_046_Paul_Graubner-184x300.jpg 184w, https:\/\/hgv-unterliederbach.de\/wp-content\/uploads\/2020\/08\/KoesA_N5_F1_046_Paul_Graubner.jpg 494w\" sizes=\"(max-width: 184px) 100vw, 184px\" \/>\t\t\t\t\t\t\t\t<\/a>\n\t\t\t\t\t\t\t\t\t\t\t<figcaption class=\"widget-image-caption wp-caption-text\"><\/figcaption>\n\t\t\t\t\t\t\t\t\t\t<\/figure>\n\t\t\t\t\t\t\t\t\t<\/div>\n\t\t\t\t<\/div>\n\t\t\t\t\t<\/div>\n\t\t<\/div>\n\t\t\t\t<div class=\"elementor-column elementor-col-66 elementor-top-column elementor-element elementor-element-d8adb0b\" data-id=\"d8adb0b\" data-element_type=\"column\" data-e-type=\"column\">\n\t\t\t<div class=\"elementor-widget-wrap elementor-element-populated\">\n\t\t\t\t\t\t<div class=\"elementor-element elementor-element-5ac26d6 elementor-widget elementor-widget-text-editor\" data-id=\"5ac26d6\" data-element_type=\"widget\" data-e-type=\"widget\" data-widget_type=\"text-editor.default\">\n\t\t\t\t<div class=\"elementor-widget-container\">\n\t\t\t\t\t\t\t\t\t<p>Paul Graubner (* 24. Juli 1892 in Unterliederbach; \u2020 1. Januar 1932 in Baden-Baden) war ein deutscher Landrat.<\/p><p>Paul Graubner war zun\u00e4chst als Gerichtsreferendar in R\u00fcdesheim t\u00e4tig, bevor er in die Verwaltung wechselte und im Jahre 1917 Regierungsreferendar bei der Regierung in K\u00f6ln wurde. Im Juni 1922 wurde er dem Preu\u00dfischen Finanzministerium zur aushilfsweisen Besch\u00e4ftigung zugewiesen. Ein Jahr sp\u00e4ter wechselte er zur Preu\u00dfischen Bau- und Finanzdirektion und wurde am 28. Juli 1924 Regierungsrat und am 22. Dezember 1926 Oberregierungsrat. Am 4.\/5. Juli 1927 erhielt Graubner den Auftrag zur vertretungsweisen Verwaltung des Landratsamtes in Altena, bevor er am 1. Oktober 1927 zum kommissarischen Landrat ernannt wurde. Die definitive Ernennung zum Landrat des Kreises Altena fand am 21. November 1927 statt. In diesem Amt verblieb er bis zu seinem Tode.<\/p><p>Seit 1912 war er Mitglied des Corps Bremensia G\u00f6ttingen<\/p>\t\t\t\t\t\t\t\t<\/div>\n\t\t\t\t<\/div>\n\t\t\t\t\t<\/div>\n\t\t<\/div>\n\t\t\t\t\t<\/div>\n\t\t<\/section>\n\t\t\t\t<section class=\"elementor-section elementor-top-section elementor-element elementor-element-4278e7b elementor-section-boxed elementor-section-height-default elementor-section-height-default\" data-id=\"4278e7b\" data-element_type=\"section\" data-e-type=\"section\">\n\t\t\t\t\t\t<div class=\"elementor-container elementor-column-gap-default\">\n\t\t\t\t\t<div class=\"elementor-column elementor-col-50 elementor-top-column elementor-element elementor-element-cff13de\" data-id=\"cff13de\" data-element_type=\"column\" data-e-type=\"column\">\n\t\t\t<div class=\"elementor-widget-wrap elementor-element-populated\">\n\t\t\t\t\t\t<div class=\"elementor-element elementor-element-8901c4a elementor-align-right elementor-widget elementor-widget-button\" data-id=\"8901c4a\" data-element_type=\"widget\" data-e-type=\"widget\" data-widget_type=\"button.default\">\n\t\t\t\t<div class=\"elementor-widget-container\">\n\t\t\t\t\t\t\t\t\t<div class=\"elementor-button-wrapper\">\n\t\t\t\t\t<a class=\"elementor-button elementor-button-link elementor-size-sm\" href=\"https:\/\/hgv-unterliederbach.de\/?page_id=335\">\n\t\t\t\t\t\t<span class=\"elementor-button-content-wrapper\">\n\t\t\t\t\t\t<span class=\"elementor-button-icon\">\n\t\t\t\t<i aria-hidden=\"true\" class=\"far fa-arrow-alt-circle-left\"><\/i>\t\t\t<\/span>\n\t\t\t\t\t\t\t\t\t<span class=\"elementor-button-text\">Brevernsche Villa<\/span>\n\t\t\t\t\t<\/span>\n\t\t\t\t\t<\/a>\n\t\t\t\t<\/div>\n\t\t\t\t\t\t\t\t<\/div>\n\t\t\t\t<\/div>\n\t\t\t\t\t<\/div>\n\t\t<\/div>\n\t\t\t\t<div class=\"elementor-column elementor-col-50 elementor-top-column elementor-element elementor-element-7065aae\" data-id=\"7065aae\" data-element_type=\"column\" data-e-type=\"column\">\n\t\t\t<div class=\"elementor-widget-wrap elementor-element-populated\">\n\t\t\t\t\t\t<div class=\"elementor-element elementor-element-c6b0342 elementor-widget elementor-widget-button\" data-id=\"c6b0342\" data-element_type=\"widget\" data-e-type=\"widget\" data-widget_type=\"button.default\">\n\t\t\t\t<div class=\"elementor-widget-container\">\n\t\t\t\t\t\t\t\t\t<div class=\"elementor-button-wrapper\">\n\t\t\t\t\t<a class=\"elementor-button elementor-button-link elementor-size-sm\" href=\"https:\/\/hgv-unterliederbach.de\/?page_id=382\">\n\t\t\t\t\t\t<span class=\"elementor-button-content-wrapper\">\n\t\t\t\t\t\t<span class=\"elementor-button-icon\">\n\t\t\t\t<i aria-hidden=\"true\" class=\"far fa-arrow-alt-circle-right\"><\/i>\t\t\t<\/span>\n\t\t\t\t\t\t\t\t\t<span class=\"elementor-button-text\">Schulen<\/span>\n\t\t\t\t\t<\/span>\n\t\t\t\t\t<\/a>\n\t\t\t\t<\/div>\n\t\t\t\t\t\t\t\t<\/div>\n\t\t\t\t<\/div>\n\t\t\t\t\t<\/div>\n\t\t<\/div>\n\t\t\t\t\t<\/div>\n\t\t<\/section>\n\t\t\t\t<\/div>\n\t\t","protected":false},"excerpt":{"rendered":"<p>Graubner Villa Die Villa wurde 1756 von dem Kommerzienrat Stempler erbaut und geh\u00f6rte ab 1818 dem nassauischen Regierungspr\u00e4sidenten Karl von Ibell. Im Jahr 1888 \u00fcbernahm Carl Graubner die Villa. \u00a0W\u00e4hrend&hellip;<\/p>\n","protected":false},"author":1,"featured_media":0,"parent":199,"menu_order":0,"comment_status":"closed","ping_status":"closed","template":"elementor_header_footer","meta":{"footnotes":""},"class_list":["post-366","page","type-page","status-publish","hentry"],"_links":{"self":[{"href":"https:\/\/hgv-unterliederbach.de\/index.php?rest_route=\/wp\/v2\/pages\/366","targetHints":{"allow":["GET"]}}],"collection":[{"href":"https:\/\/hgv-unterliederbach.de\/index.php?rest_route=\/wp\/v2\/pages"}],"about":[{"href":"https:\/\/hgv-unterliederbach.de\/index.php?rest_route=\/wp\/v2\/types\/page"}],"author":[{"embeddable":true,"href":"https:\/\/hgv-unterliederbach.de\/index.php?rest_route=\/wp\/v2\/users\/1"}],"replies":[{"embeddable":true,"href":"https:\/\/hgv-unterliederbach.de\/index.php?rest_route=%2Fwp%2Fv2%2Fcomments&post=366"}],"version-history":[{"count":14,"href":"https:\/\/hgv-unterliederbach.de\/index.php?rest_route=\/wp\/v2\/pages\/366\/revisions"}],"predecessor-version":[{"id":1448,"href":"https:\/\/hgv-unterliederbach.de\/index.php?rest_route=\/wp\/v2\/pages\/366\/revisions\/1448"}],"up":[{"embeddable":true,"href":"https:\/\/hgv-unterliederbach.de\/index.php?rest_route=\/wp\/v2\/pages\/199"}],"wp:attachment":[{"href":"https:\/\/hgv-unterliederbach.de\/index.php?rest_route=%2Fwp%2Fv2%2Fmedia&parent=366"}],"curies":[{"name":"wp","href":"https:\/\/api.w.org\/{rel}","templated":true}]}}