{"id":1451,"date":"2020-08-25T11:04:17","date_gmt":"2020-08-25T09:04:17","guid":{"rendered":"https:\/\/hgv-unterliederbach.de\/?page_id=1451"},"modified":"2023-09-13T17:43:29","modified_gmt":"2023-09-13T15:43:29","slug":"bilder-von-veranstaltungen-festen","status":"publish","type":"page","link":"https:\/\/hgv-unterliederbach.de\/?page_id=1451","title":{"rendered":"Veranstaltungen \/ Festen"},"content":{"rendered":"\t\t<div data-elementor-type=\"wp-page\" data-elementor-id=\"1451\" class=\"elementor elementor-1451\">\n\t\t\t\t\t\t<section class=\"elementor-section elementor-top-section elementor-element elementor-element-b961e20 elementor-section-boxed elementor-section-height-default elementor-section-height-default\" data-id=\"b961e20\" data-element_type=\"section\" data-e-type=\"section\">\n\t\t\t\t\t\t<div class=\"elementor-container elementor-column-gap-default\">\n\t\t\t\t\t<div class=\"elementor-column elementor-col-33 elementor-top-column elementor-element elementor-element-453741b\" data-id=\"453741b\" data-element_type=\"column\" data-e-type=\"column\">\n\t\t\t<div class=\"elementor-widget-wrap\">\n\t\t\t\t\t\t\t<\/div>\n\t\t<\/div>\n\t\t\t\t<div class=\"elementor-column elementor-col-33 elementor-top-column elementor-element elementor-element-8c17c38\" data-id=\"8c17c38\" data-element_type=\"column\" data-e-type=\"column\">\n\t\t\t<div class=\"elementor-widget-wrap elementor-element-populated\">\n\t\t\t\t\t\t<div class=\"elementor-element elementor-element-50c2d31 elementor-widget elementor-widget-text-editor\" data-id=\"50c2d31\" data-element_type=\"widget\" data-e-type=\"widget\" data-widget_type=\"text-editor.default\">\n\t\t\t\t<div class=\"elementor-widget-container\">\n\t\t\t\t\t\t\t\t\t<p>Bitte w\u00e4hlen Sie aus nachfolgenden Themen:<\/p><ul><li><h4><a href=\"https:\/\/hgv-unterliederbach.de\/?page_id=1947\">Ausflug 2023<\/a><\/h4><\/li><li><h4><a href=\"https:\/\/hgv-unterliederbach.de\/?page_id=1454\">Museumser\u00f6ffnung 2011<\/a><\/h4><\/li><li><h4><a href=\"https:\/\/hgv-unterliederbach.de\/?page_id=1474\">Fr\u00fchlingsfest 2011<\/a><\/h4><\/li><li><h4><a href=\"https:\/\/hgv-unterliederbach.de\/?page_id=1504\">Feuerwehr \u00dcbung 2011<\/a><\/h4><\/li><li><h4><a href=\"https:\/\/hgv-unterliederbach.de\/?page_id=1610\">B\u00fcrgerfest 2011<\/a><\/h4><\/li><li><h4><a href=\"https:\/\/hgv-unterliederbach.de\/?page_id=1625\">Herbstfest 2011<\/a><\/h4><\/li><li><h4 class=\"elementor-heading-title elementor-size-default\"><a href=\"https:\/\/hgv-unterliederbach.de\/?page_id=1662\">Ladwerschfest 2011<\/a><\/h4><\/li><li><h4><a href=\"https:\/\/hgv-unterliederbach.de\/?page_id=1677\">Kerb 2011<\/a><\/h4><\/li><\/ul>\t\t\t\t\t\t\t\t<\/div>\n\t\t\t\t<\/div>\n\t\t\t\t\t<\/div>\n\t\t<\/div>\n\t\t\t\t<div class=\"elementor-column elementor-col-33 elementor-top-column elementor-element elementor-element-64353c4\" data-id=\"64353c4\" data-element_type=\"column\" data-e-type=\"column\">\n\t\t\t<div class=\"elementor-widget-wrap\">\n\t\t\t\t\t\t\t<\/div>\n\t\t<\/div>\n\t\t\t\t\t<\/div>\n\t\t<\/section>\n\t\t\t\t<section class=\"elementor-section elementor-top-section elementor-element elementor-element-9372c0e elementor-section-boxed elementor-section-height-default elementor-section-height-default\" data-id=\"9372c0e\" data-element_type=\"section\" data-e-type=\"section\">\n\t\t\t\t\t\t<div class=\"elementor-container elementor-column-gap-default\">\n\t\t\t\t\t<div class=\"elementor-column elementor-col-100 elementor-top-column elementor-element elementor-element-b3e37d9\" data-id=\"b3e37d9\" data-element_type=\"column\" data-e-type=\"column\">\n\t\t\t<div class=\"elementor-widget-wrap elementor-element-populated\">\n\t\t\t\t\t\t<div class=\"elementor-element elementor-element-90b7fd4 elementor-widget elementor-widget-spacer\" data-id=\"90b7fd4\" data-element_type=\"widget\" data-e-type=\"widget\" data-widget_type=\"spacer.default\">\n\t\t\t\t<div class=\"elementor-widget-container\">\n\t\t\t\t\t\t\t<div class=\"elementor-spacer\">\n\t\t\t<div class=\"elementor-spacer-inner\"><\/div>\n\t\t<\/div>\n\t\t\t\t\t\t<\/div>\n\t\t\t\t<\/div>\n\t\t\t\t\t<\/div>\n\t\t<\/div>\n\t\t\t\t\t<\/div>\n\t\t<\/section>\n\t\t\t\t<\/div>\n\t\t","protected":false},"excerpt":{"rendered":"<p>Bitte w\u00e4hlen Sie aus nachfolgenden Themen: Ausflug 2023 Museumser\u00f6ffnung 2011 Fr\u00fchlingsfest 2011 Feuerwehr \u00dcbung 2011 B\u00fcrgerfest 2011 Herbstfest 2011 Ladwerschfest 2011 Kerb 2011<\/p>\n","protected":false},"author":1,"featured_media":0,"parent":234,"menu_order":0,"comment_status":"closed","ping_status":"closed","template":"elementor_header_footer","meta":{"footnotes":""},"class_list":["post-1451","page","type-page","status-publish","hentry"],"_links":{"self":[{"href":"https:\/\/hgv-unterliederbach.de\/index.php?rest_route=\/wp\/v2\/pages\/1451","targetHints":{"allow":["GET"]}}],"collection":[{"href":"https:\/\/hgv-unterliederbach.de\/index.php?rest_route=\/wp\/v2\/pages"}],"about":[{"href":"https:\/\/hgv-unterliederbach.de\/index.php?rest_route=\/wp\/v2\/types\/page"}],"author":[{"embeddable":true,"href":"https:\/\/hgv-unterliederbach.de\/index.php?rest_route=\/wp\/v2\/users\/1"}],"replies":[{"embeddable":true,"href":"https:\/\/hgv-unterliederbach.de\/index.php?rest_route=%2Fwp%2Fv2%2Fcomments&post=1451"}],"version-history":[{"count":20,"href":"https:\/\/hgv-unterliederbach.de\/index.php?rest_route=\/wp\/v2\/pages\/1451\/revisions"}],"predecessor-version":[{"id":1993,"href":"https:\/\/hgv-unterliederbach.de\/index.php?rest_route=\/wp\/v2\/pages\/1451\/revisions\/1993"}],"up":[{"embeddable":true,"href":"https:\/\/hgv-unterliederbach.de\/index.php?rest_route=\/wp\/v2\/pages\/234"}],"wp:attachment":[{"href":"https:\/\/hgv-unterliederbach.de\/index.php?rest_route=%2Fwp%2Fv2%2Fmedia&parent=1451"}],"curies":[{"name":"wp","href":"https:\/\/api.w.org\/{rel}","templated":true}]}}